{"id":223,"date":"2025-09-29T15:08:49","date_gmt":"2025-09-29T13:08:49","guid":{"rendered":"https:\/\/www.fannyleonard-digital.fr\/?page_id=223"},"modified":"2026-02-18T11:13:08","modified_gmt":"2026-02-18T10:13:08","slug":"reseaux-sociaux","status":"publish","type":"page","link":"https:\/\/www.fannyleonard-digital.fr\/index.php\/reseaux-sociaux\/","title":{"rendered":"R\u00e9seaux Sociaux"},"content":{"rendered":"\n<div class=\"wp-block-group alignfull has-two-background-color has-background is-layout-flow wp-block-group-is-layout-flow\" style=\"margin-top:0px;margin-bottom:0px;padding-right:2vw;padding-left:2vw\">\n<div class=\"wp-block-group is-layout-flow wp-block-group-is-layout-flow\" style=\"border-right-color:var(--wp--preset--color--one);border-right-style:solid;border-right-width:4px;border-left-color:var(--wp--preset--color--one);border-left-style:solid;border-left-width:4px;padding-right:2vw;padding-bottom:2vw;padding-left:2vw\">\n<div class=\"wp-block-columns is-layout-flex wp-container-core-columns-is-layout-d36162b4 wp-block-columns-is-layout-flex\">\n<div class=\"wp-block-column is-vertically-aligned-center is-layout-flow wp-container-core-column-is-layout-2786d652 wp-block-column-is-layout-flow\" style=\"padding-top:4vw;padding-bottom:4vw;flex-basis:54%\">\n<div class=\"wp-block-group is-content-justification-center is-nowrap is-layout-flex wp-container-core-group-is-layout-aefeb9cb wp-block-group-is-layout-flex\" style=\"padding-right:0vw;padding-left:2vw\">\n<h3 class=\"wp-block-heading has-text-align-center has-x-large-font-size\" style=\"font-style:normal;font-weight:700;text-transform:uppercase\">La gestion<\/h3>\n\n\n\n<h4 class=\"wp-block-heading has-text-align-center has-moderate-font-size\" style=\"padding-bottom:0.5vw;font-style:normal;font-weight:700;text-transform:uppercase\">de<\/h4>\n<\/div>\n\n\n\n<div class=\"wp-block-group is-nowrap is-layout-flex wp-container-core-group-is-layout-995f960e wp-block-group-is-layout-flex\">\n<h4 class=\"wp-block-heading has-text-align-center has-moderate-font-size\" style=\"padding-bottom:0.5vw;font-style:normal;font-weight:700;text-transform:uppercase\">vos<\/h4>\n\n\n\n<h3 class=\"wp-block-heading has-text-align-center has-x-large-font-size\" style=\"padding-right:5vw;font-style:normal;font-weight:700;text-transform:uppercase\">r\u00e9seaux sociaux<\/h3>\n<\/div>\n\n\n\n<div class=\"wp-block-columns is-not-stacked-on-mobile is-layout-flex wp-container-core-columns-is-layout-d36162b4 wp-block-columns-is-layout-flex\">\n<div class=\"wp-block-column is-layout-flow wp-block-column-is-layout-flow\" style=\"padding-top:0px;padding-right:0px;padding-bottom:0px;padding-left:0px;flex-basis:15%\">\n<figure class=\"wp-block-image size-full wp-duotone-blue-red\"><img decoding=\"async\" src=\"https:\/\/www.fannyleonard-digital.fr\/wp-content\/themes\/hoopoe\/assets\/images\/arrow-up-solid.webp\" alt=\"\" class=\"wp-image-33\"\/><\/figure>\n<\/div>\n\n\n\n<div class=\"wp-block-column is-layout-flow wp-block-column-is-layout-flow\" style=\"flex-basis:85%\">\n<div class=\"wp-block-buttons is-content-justification-right is-layout-flex wp-container-core-buttons-is-layout-026eaadd wp-block-buttons-is-layout-flex\"><\/div>\n<\/div>\n<\/div>\n<\/div>\n\n\n\n<div class=\"wp-block-column is-layout-flow wp-block-column-is-layout-flow\" style=\"padding-top:3vw;padding-right:6vw;padding-bottom:3vw;padding-left:6vw;flex-basis:46%\">\n<div class=\"wp-block-group has-border-color has-one-border-color is-layout-constrained wp-container-core-group-is-layout-2f769817 wp-block-group-is-layout-constrained\" style=\"border-style:solid;border-width:4px;padding-top:1vw;padding-right:1vw;padding-bottom:1vw;padding-left:1vw\">\n<figure class=\"wp-block-video\"><video controls src=\"https:\/\/media.giphy.com\/media\/v1.Y2lkPTc5MGI3NjExdGhhcXFwbzd3bndmOHR3aGpxd3podXJ6andxeHV2MWRmc2F5ODRrbiZlcD12MV9naWZzX3NlYXJjaCZjdD1n\/azjux6zMBW3cWxK21P\/giphy.gif\"><\/video><\/figure>\n<\/div>\n<\/div>\n<\/div>\n\n\n\n<h1 class=\"wp-block-heading\">La gestion de vos r\u00e9seaux sociaux<\/h1>\n\n\n\n<p class=\"wp-block-paragraph\"><strong>Vous n\u2019avez ni le temps ni l\u2019envie de g\u00e9rer vos r\u00e9seaux sociaux, <\/strong>mais vous \u00eates bien conscient de leur importance pour d\u00e9velopper votre visibilit\u00e9 et attirer de nouveaux clients ? C\u2019est exactement pour r\u00e9pondre \u00e0 ce besoin que j&rsquo;ai cr\u00e9\u00e9 diff\u00e9rents forfaits de community management. Je vous aide \u00e0 \u00eatre pr\u00e9sent en ligne de fa\u00e7on r\u00e9guli\u00e8re, professionnelle et impactante, <strong>sans que vous ayez \u00e0 vous en soucier.<\/strong><\/p>\n<\/div>\n\n\n\n<hr class=\"wp-block-separator has-alpha-channel-opacity\"\/>\n\n\n\n<div class=\"wp-block-group is-layout-flow wp-block-group-is-layout-flow\" style=\"border-right-color:var(--wp--preset--color--one);border-right-style:solid;border-right-width:4px;border-left-color:var(--wp--preset--color--one);border-left-style:solid;border-left-width:4px;padding-right:2vw;padding-bottom:2vw;padding-left:2vw\">\n<div class=\"wp-block-columns is-layout-flex wp-container-core-columns-is-layout-ab4ea078 wp-block-columns-is-layout-flex\" style=\"padding-right:var(--wp--preset--spacing--80);padding-left:var(--wp--preset--spacing--80)\">\n<div class=\"wp-block-column is-layout-flow wp-block-column-is-layout-flow\">\n<figure class=\"wp-block-image aligncenter size-full is-resized\"><img fetchpriority=\"high\" decoding=\"async\" width=\"1024\" height=\"768\" src=\"http:\/\/www.fannyleonard-digital.fr\/wp-content\/uploads\/2026\/02\/Fanny-Leonard.jpg\" alt=\"\" class=\"wp-image-336\" style=\"object-fit:cover;width:500px;height:500px\" srcset=\"https:\/\/www.fannyleonard-digital.fr\/wp-content\/uploads\/2026\/02\/Fanny-Leonard.jpg 1024w, https:\/\/www.fannyleonard-digital.fr\/wp-content\/uploads\/2026\/02\/Fanny-Leonard-300x225.jpg 300w, https:\/\/www.fannyleonard-digital.fr\/wp-content\/uploads\/2026\/02\/Fanny-Leonard-768x576.jpg 768w\" sizes=\"(max-width: 1024px) 100vw, 1024px\" \/><\/figure>\n<\/div>\n<\/div>\n\n\n\n<hr class=\"wp-block-separator has-alpha-channel-opacity\"\/>\n\n\n\n<div class=\"wp-block-columns is-layout-flex wp-container-core-columns-is-layout-995f960e wp-block-columns-is-layout-flex\">\n<div class=\"wp-block-column is-layout-flow wp-block-column-is-layout-flow\" style=\"flex-basis:100%\">\n<div class=\"wp-block-columns alignwide are-vertically-aligned-top is-layout-flex wp-container-core-columns-is-layout-059c224c wp-block-columns-is-layout-flex\" style=\"margin-bottom:0\">\n<div class=\"wp-block-column is-vertically-aligned-top has-ti-fg-alt-background-color has-text-color has-background has-link-color wp-elements-1 is-layout-flow wp-block-column-is-layout-flow\" style=\"border-style:none;border-width:0px;border-radius:0px;color:#000000;padding-top:2em;padding-right:2em;padding-bottom:2em;padding-left:2em\">\n<h2 class=\"wp-block-heading has-ti-bg-color has-text-color has-link-color wp-elements-2\" id=\"single\" style=\"font-size:clamp(24.034px, 1.502rem + ((1vw - 3.2px) * 1.247), 40px);\"><strong>Bronze<\/strong><\/h2>\n\n\n\n<p class=\"has-ti-bg-color has-text-color has-link-color has-normal-font-size wp-elements-3 wp-block-paragraph\" style=\"line-height:1.5\"><strong>Community Management Essentiel<\/strong><\/p>\n\n\n\n<p class=\"has-ti-bg-color has-text-color has-link-color wp-elements-4 wp-block-paragraph\">Ce forfait s\u2019adresse aux ind\u00e9pendants, artisans ou petites entreprises qui souhaitent \u00eatre pr\u00e9sents sur les r\u00e9seaux sociaux sans y consacrer trop de temps.<\/p>\n\n\n\n<hr class=\"wp-block-separator has-text-color has-css-opacity has-background is-style-wide\" style=\"background-color:#000000;color:#000000\"\/>\n\n\n\n<ul class=\"wp-block-list has-normal-font-size\">\n<li class=\"has-ti-bg-color has-text-color has-link-color wp-elements-5\">Cr\u00e9ation ou optimisation de la strat\u00e9gie social media <\/li>\n\n\n\n<li class=\"has-ti-bg-color has-text-color has-link-color wp-elements-6\">1 session de cr\u00e9ation de contenus (photos et\/ou vid\u00e9os) <\/li>\n\n\n\n<li class=\"has-ti-bg-color has-text-color has-link-color wp-elements-7\">Publication de 1 contenu impactant par semaine (Reel ou carrousel) <\/li>\n\n\n\n<li class=\"has-ti-bg-color has-text-color has-link-color wp-elements-8\">Stories diffus\u00e9es 3 jours par semaine <\/li>\n\n\n\n<li class=\"has-ti-bg-color has-text-color has-link-color wp-elements-9\">Gestion manuelle des ajouts de comptes (followers cibl\u00e9s) <\/li>\n\n\n\n<li class=\"has-ti-bg-color has-text-color has-link-color wp-elements-10\">Bilan mensuel en visioconf\u00e9rence<\/li>\n<\/ul>\n<\/div>\n\n\n\n<div class=\"wp-block-column is-vertically-aligned-top has-ti-fg-alt-background-color has-text-color has-background has-link-color wp-elements-11 is-layout-flow wp-block-column-is-layout-flow\" style=\"border-style:none;border-width:0px;border-radius:0px;color:#000000;padding-top:2em;padding-right:2em;padding-bottom:2em;padding-left:2em\">\n<h2 class=\"wp-block-heading has-ti-bg-color has-text-color has-link-color wp-elements-12\" id=\"single\" style=\"font-size:clamp(24.034px, 1.502rem + ((1vw - 3.2px) * 1.247), 40px);\"><strong>Silver<\/strong><\/h2>\n\n\n\n<p class=\"has-ti-bg-color has-text-color has-link-color has-normal-font-size wp-elements-13 wp-block-paragraph\" style=\"line-height:1.5\"><strong>Community Management Avanc\u00e9<\/strong><\/p>\n\n\n\n<p class=\"has-ti-bg-color has-text-color has-link-color wp-elements-14 wp-block-paragraph\">Une solution compl\u00e8te pour les entreprises qui veulent renforcer leur notori\u00e9t\u00e9 et g\u00e9n\u00e9rer plus d\u2019interactions.<\/p>\n\n\n\n<hr class=\"wp-block-separator has-text-color has-css-opacity has-background is-style-wide\" style=\"background-color:#000000;color:#000000\"\/>\n\n\n\n<ul class=\"wp-block-list has-normal-font-size\">\n<li class=\"has-ti-bg-color has-text-color has-link-color wp-elements-15\">Cr\u00e9ation ou optimisation de la strat\u00e9gie social media <\/li>\n\n\n\n<li class=\"has-ti-bg-color has-text-color has-link-color wp-elements-16\">1 session de cr\u00e9ation de contenus (photos et\/ou vid\u00e9os) <\/li>\n\n\n\n<li class=\"has-ti-bg-color has-text-color has-link-color wp-elements-17\">Publication de 2 contenus impactants par semaine (Reels ou carrousels) <\/li>\n\n\n\n<li class=\"has-ti-bg-color has-text-color has-link-color wp-elements-18\">Stories diffus\u00e9es 4 jours par semaine <\/li>\n\n\n\n<li class=\"has-ti-bg-color has-text-color has-link-color wp-elements-19\">Gestion manuelle des ajouts de comptes (followers cibl\u00e9s) <\/li>\n\n\n\n<li class=\"has-ti-bg-color has-text-color has-link-color wp-elements-20\">Bilan mensuel en visioconf\u00e9rence<\/li>\n<\/ul>\n<\/div>\n\n\n\n<div class=\"wp-block-column is-vertically-aligned-top has-ti-fg-alt-background-color has-text-color has-background has-link-color wp-elements-21 is-layout-flow wp-block-column-is-layout-flow\" style=\"border-style:none;border-width:0px;border-radius:0px;color:#000000;padding-top:2em;padding-right:2em;padding-bottom:2em;padding-left:2em\">\n<h2 class=\"wp-block-heading has-ti-bg-color has-text-color has-link-color wp-elements-22\" id=\"single\" style=\"font-size:clamp(24.034px, 1.502rem + ((1vw - 3.2px) * 1.247), 40px);\"><strong>Gold<\/strong><\/h2>\n\n\n\n<p class=\"has-ti-bg-color has-text-color has-link-color has-normal-font-size wp-elements-23 wp-block-paragraph\" style=\"line-height:1.5\"><strong>Community Management Prenium<\/strong><\/p>\n\n\n\n<p class=\"has-ti-bg-color has-text-color has-link-color wp-elements-24 wp-block-paragraph\">La solution haut de gamme pour les marques souhaitant une pr\u00e9sence digitale forte et r\u00e9guli\u00e8re.<\/p>\n\n\n\n<hr class=\"wp-block-separator has-text-color has-css-opacity has-background is-style-wide\" style=\"background-color:#000000;color:#000000\"\/>\n\n\n\n<ul class=\"wp-block-list has-normal-font-size\">\n<li class=\"has-ti-bg-color has-text-color has-link-color wp-elements-25\">Cr\u00e9ation ou optimisation de la strat\u00e9gie social media <\/li>\n\n\n\n<li class=\"has-ti-bg-color has-text-color has-link-color wp-elements-26\">1\/2 session de cr\u00e9ation de contenus (photos et\/ou vid\u00e9os)<\/li>\n\n\n\n<li class=\"has-ti-bg-color has-text-color has-link-color wp-elements-27\">Publication de 3 contenus impactants par semaine (Reels ou carrousels)<\/li>\n\n\n\n<li class=\"has-ti-bg-color has-text-color has-link-color wp-elements-28\">Stories diffus\u00e9es 5 jours par semaine<\/li>\n\n\n\n<li class=\"has-ti-bg-color has-text-color has-link-color wp-elements-29\">Gestion manuelle des ajouts de comptes (followers cibl\u00e9s) <\/li>\n\n\n\n<li class=\"has-ti-bg-color has-text-color has-link-color wp-elements-30\">Bilan mensuel en visioconf\u00e9rence<\/li>\n<\/ul>\n<\/div>\n<\/div>\n\n\n\n<div class=\"wp-block-columns alignfull is-layout-flex wp-container-core-columns-is-layout-995f960e wp-block-columns-is-layout-flex\">\n<div class=\"wp-block-column is-layout-flow wp-block-column-is-layout-flow\" style=\"flex-basis:50%\">\n<div class=\"wp-block-cover\" style=\"min-height:600px;aspect-ratio:unset;\"><span aria-hidden=\"true\" class=\"wp-block-cover__background has-ti-bg-background-color has-background-dim-100 has-background-dim\"><\/span><div class=\"wp-block-cover__inner-container is-layout-flow wp-block-cover-is-layout-flow\">\n<p class=\"has-text-align-center has-large-font-size wp-block-paragraph\"><strong>Pourquoi confier la gestion de vos r\u00e9seaux sociaux ?<\/strong><\/p>\n<\/div><\/div>\n<\/div>\n\n\n\n<div class=\"wp-block-column is-vertically-aligned-center is-layout-flow wp-block-column-is-layout-flow\" style=\"padding-top:1em;padding-right:1em;padding-bottom:1em;padding-left:1em\">\n<div class=\"wp-block-columns is-layout-flex wp-container-core-columns-is-layout-995f960e wp-block-columns-is-layout-flex\">\n<div class=\"wp-block-column is-layout-flow wp-block-column-is-layout-flow\" style=\"flex-basis:320px\">\n<p class=\"has-ti-fg-alt-color has-text-color has-link-color has-small-font-size wp-elements-31 wp-block-paragraph\" style=\"line-height:1.6\"><strong>Un accompagnement personnalis\u00e9 <\/strong>adapt\u00e9 \u00e0 vos objectifs.<\/p>\n\n\n\n<p class=\"has-ti-fg-alt-color has-text-color has-link-color wp-elements-32 wp-block-paragraph\" style=\"line-height:1.6\"><strong>Des contenus professionnels (photos et vid\u00e9os)<\/strong> pour valoriser votre image.<\/p>\n\n\n\n<p class=\"has-ti-fg-alt-color has-text-color has-link-color wp-elements-33 wp-block-paragraph\" style=\"line-height:1.6\">Une strat\u00e9gie social media pens\u00e9e pour <strong>booster votre visibilit\u00e9 et vos ventes.<\/strong><\/p>\n\n\n\n<p class=\"has-ti-fg-alt-color has-text-color has-link-color has-small-font-size wp-elements-34 wp-block-paragraph\" style=\"line-height:1.6\"><strong>Un suivi mensuel<\/strong> pour analyser, ajuster et <strong>am\u00e9liorer vos r\u00e9sultats.<\/strong><\/p>\n<\/div>\n<\/div>\n<\/div>\n<\/div>\n\n\n\n<h3 class=\"wp-block-heading has-text-align-center\"><a href=\"https:\/\/www.fannyleonard-digital.fr\/index.php\/contact\/\">Confiez-moi la gestion de vos r\u00e9seaux sociaux <\/a><\/h3>\n\n\n\n<h3 class=\"wp-block-heading has-text-align-center\"><a href=\"https:\/\/www.fannyleonard-digital.fr\/index.php\/contact\/\">et concentrez-vous sur votre c\u0153ur de m\u00e9tier !<\/a><\/h3>\n<\/div>\n<\/div>\n<\/div>\n\n\n\n<h2 class=\"wp-block-heading has-text-align-center\">Les diff\u00e9rents forfaits<\/h2>\n<\/div>\n","protected":false},"excerpt":{"rendered":"<p>La gestion de vos r\u00e9seaux sociaux La gestion de vos r\u00e9seaux sociaux Vous n\u2019avez ni le temps ni l\u2019envie de g\u00e9rer vos r\u00e9seaux sociaux, mais vous \u00eates bien conscient de leur importance pour d\u00e9velopper votre visibilit\u00e9 et attirer de nouveaux clients ? C\u2019est exactement pour r\u00e9pondre \u00e0 ce besoin que j&rsquo;ai cr\u00e9\u00e9 diff\u00e9rents forfaits de [&hellip;]<\/p>\n","protected":false},"author":1,"featured_media":0,"parent":0,"menu_order":0,"comment_status":"closed","ping_status":"closed","template":"wp-custom-template-r-seaux-sociaux","meta":{"_gspb_post_css":"","footnotes":""},"class_list":["post-223","page","type-page","status-publish","hentry"],"blocksy_meta":{"styles_descriptor":{"styles":{"desktop":"","tablet":"","mobile":""},"google_fonts":[],"version":7}},"yoast_head":"<!-- This site is optimized with the Yoast SEO plugin v28.4 - https:\/\/yoast.com\/product\/yoast-seo-wordpress\/ -->\n<title>R\u00e9seaux Sociaux - FANNY LEONARD<\/title>\n<meta name=\"robots\" content=\"noindex, follow, max-snippet:-1, max-image-preview:large, max-video-preview:-1\" \/>\n<meta property=\"og:locale\" content=\"fr_FR\" \/>\n<meta property=\"og:type\" content=\"article\" \/>\n<meta property=\"og:title\" content=\"R\u00e9seaux Sociaux - FANNY LEONARD\" \/>\n<meta property=\"og:description\" content=\"La gestion de vos r\u00e9seaux sociaux La gestion de vos r\u00e9seaux sociaux Vous n\u2019avez ni le temps ni l\u2019envie de g\u00e9rer vos r\u00e9seaux sociaux, mais vous \u00eates bien conscient de leur importance pour d\u00e9velopper votre visibilit\u00e9 et attirer de nouveaux clients ? C\u2019est exactement pour r\u00e9pondre \u00e0 ce besoin que j&rsquo;ai cr\u00e9\u00e9 diff\u00e9rents forfaits de [&hellip;]\" \/>\n<meta property=\"og:url\" content=\"https:\/\/www.fannyleonard-digital.fr\/index.php\/reseaux-sociaux\/\" \/>\n<meta property=\"og:site_name\" content=\"FANNY LEONARD\" \/>\n<meta property=\"article:modified_time\" content=\"2026-02-18T10:13:08+00:00\" \/>\n<meta name=\"twitter:card\" content=\"summary_large_image\" \/>\n<meta name=\"twitter:label1\" content=\"Dur\u00e9e de lecture estim\u00e9e\" \/>\n\t<meta name=\"twitter:data1\" content=\"2 minutes\" \/>\n<script type=\"application\/ld+json\" class=\"yoast-schema-graph\">{\"@context\":\"https:\\\/\\\/schema.org\",\"@graph\":[{\"@type\":\"WebPage\",\"@id\":\"https:\\\/\\\/www.fannyleonard-digital.fr\\\/index.php\\\/reseaux-sociaux\\\/\",\"url\":\"https:\\\/\\\/www.fannyleonard-digital.fr\\\/index.php\\\/reseaux-sociaux\\\/\",\"name\":\"R\u00e9seaux Sociaux - FANNY LEONARD\",\"isPartOf\":{\"@id\":\"https:\\\/\\\/www.fannyleonard-digital.fr\\\/#website\"},\"primaryImageOfPage\":{\"@id\":\"https:\\\/\\\/www.fannyleonard-digital.fr\\\/index.php\\\/reseaux-sociaux\\\/#primaryimage\"},\"image\":{\"@id\":\"https:\\\/\\\/www.fannyleonard-digital.fr\\\/index.php\\\/reseaux-sociaux\\\/#primaryimage\"},\"thumbnailUrl\":\"https:\\\/\\\/www.fannyleonard-digital.fr\\\/wp-content\\\/themes\\\/hoopoe\\\/assets\\\/images\\\/arrow-up-solid.webp\",\"datePublished\":\"2025-09-29T13:08:49+00:00\",\"dateModified\":\"2026-02-18T10:13:08+00:00\",\"breadcrumb\":{\"@id\":\"https:\\\/\\\/www.fannyleonard-digital.fr\\\/index.php\\\/reseaux-sociaux\\\/#breadcrumb\"},\"inLanguage\":\"fr-FR\",\"potentialAction\":[{\"@type\":\"ReadAction\",\"target\":[\"https:\\\/\\\/www.fannyleonard-digital.fr\\\/index.php\\\/reseaux-sociaux\\\/\"]}]},{\"@type\":\"ImageObject\",\"inLanguage\":\"fr-FR\",\"@id\":\"https:\\\/\\\/www.fannyleonard-digital.fr\\\/index.php\\\/reseaux-sociaux\\\/#primaryimage\",\"url\":\"\",\"contentUrl\":\"\"},{\"@type\":\"BreadcrumbList\",\"@id\":\"https:\\\/\\\/www.fannyleonard-digital.fr\\\/index.php\\\/reseaux-sociaux\\\/#breadcrumb\",\"itemListElement\":[{\"@type\":\"ListItem\",\"position\":1,\"name\":\"Accueil\",\"item\":\"https:\\\/\\\/www.fannyleonard-digital.fr\\\/\"},{\"@type\":\"ListItem\",\"position\":2,\"name\":\"R\u00e9seaux Sociaux\"}]},{\"@type\":\"WebSite\",\"@id\":\"https:\\\/\\\/www.fannyleonard-digital.fr\\\/#website\",\"url\":\"https:\\\/\\\/www.fannyleonard-digital.fr\\\/\",\"name\":\"FANNY LEONARD\",\"description\":\"Consultante en communication et strat\u00e9gie d&#039;entreprise\",\"publisher\":{\"@id\":\"https:\\\/\\\/www.fannyleonard-digital.fr\\\/#organization\"},\"potentialAction\":[{\"@type\":\"SearchAction\",\"target\":{\"@type\":\"EntryPoint\",\"urlTemplate\":\"https:\\\/\\\/www.fannyleonard-digital.fr\\\/?s={search_term_string}\"},\"query-input\":{\"@type\":\"PropertyValueSpecification\",\"valueRequired\":true,\"valueName\":\"search_term_string\"}}],\"inLanguage\":\"fr-FR\"},{\"@type\":\"Organization\",\"@id\":\"https:\\\/\\\/www.fannyleonard-digital.fr\\\/#organization\",\"name\":\"FANNY LEONARD\",\"url\":\"https:\\\/\\\/www.fannyleonard-digital.fr\\\/\",\"logo\":{\"@type\":\"ImageObject\",\"inLanguage\":\"fr-FR\",\"@id\":\"https:\\\/\\\/www.fannyleonard-digital.fr\\\/#\\\/schema\\\/logo\\\/image\\\/\",\"url\":\"https:\\\/\\\/www.fannyleonard-digital.fr\\\/wp-content\\\/uploads\\\/2026\\\/02\\\/logo-fld.png\",\"contentUrl\":\"https:\\\/\\\/www.fannyleonard-digital.fr\\\/wp-content\\\/uploads\\\/2026\\\/02\\\/logo-fld.png\",\"width\":1563,\"height\":1563,\"caption\":\"FANNY LEONARD\"},\"image\":{\"@id\":\"https:\\\/\\\/www.fannyleonard-digital.fr\\\/#\\\/schema\\\/logo\\\/image\\\/\"}}]}<\/script>\n<!-- \/ Yoast SEO plugin. -->","yoast_head_json":{"title":"R\u00e9seaux Sociaux - FANNY LEONARD","robots":{"index":"noindex","follow":"follow","max-snippet":"max-snippet:-1","max-image-preview":"max-image-preview:large","max-video-preview":"max-video-preview:-1"},"og_locale":"fr_FR","og_type":"article","og_title":"R\u00e9seaux Sociaux - FANNY LEONARD","og_description":"La gestion de vos r\u00e9seaux sociaux La gestion de vos r\u00e9seaux sociaux Vous n\u2019avez ni le temps ni l\u2019envie de g\u00e9rer vos r\u00e9seaux sociaux, mais vous \u00eates bien conscient de leur importance pour d\u00e9velopper votre visibilit\u00e9 et attirer de nouveaux clients ? C\u2019est exactement pour r\u00e9pondre \u00e0 ce besoin que j&rsquo;ai cr\u00e9\u00e9 diff\u00e9rents forfaits de [&hellip;]","og_url":"https:\/\/www.fannyleonard-digital.fr\/index.php\/reseaux-sociaux\/","og_site_name":"FANNY LEONARD","article_modified_time":"2026-02-18T10:13:08+00:00","twitter_card":"summary_large_image","twitter_misc":{"Dur\u00e9e de lecture estim\u00e9e":"2 minutes"},"schema":{"@context":"https:\/\/schema.org","@graph":[{"@type":"WebPage","@id":"https:\/\/www.fannyleonard-digital.fr\/index.php\/reseaux-sociaux\/","url":"https:\/\/www.fannyleonard-digital.fr\/index.php\/reseaux-sociaux\/","name":"R\u00e9seaux Sociaux - FANNY LEONARD","isPartOf":{"@id":"https:\/\/www.fannyleonard-digital.fr\/#website"},"primaryImageOfPage":{"@id":"https:\/\/www.fannyleonard-digital.fr\/index.php\/reseaux-sociaux\/#primaryimage"},"image":{"@id":"https:\/\/www.fannyleonard-digital.fr\/index.php\/reseaux-sociaux\/#primaryimage"},"thumbnailUrl":"https:\/\/www.fannyleonard-digital.fr\/wp-content\/themes\/hoopoe\/assets\/images\/arrow-up-solid.webp","datePublished":"2025-09-29T13:08:49+00:00","dateModified":"2026-02-18T10:13:08+00:00","breadcrumb":{"@id":"https:\/\/www.fannyleonard-digital.fr\/index.php\/reseaux-sociaux\/#breadcrumb"},"inLanguage":"fr-FR","potentialAction":[{"@type":"ReadAction","target":["https:\/\/www.fannyleonard-digital.fr\/index.php\/reseaux-sociaux\/"]}]},{"@type":"ImageObject","inLanguage":"fr-FR","@id":"https:\/\/www.fannyleonard-digital.fr\/index.php\/reseaux-sociaux\/#primaryimage","url":"","contentUrl":""},{"@type":"BreadcrumbList","@id":"https:\/\/www.fannyleonard-digital.fr\/index.php\/reseaux-sociaux\/#breadcrumb","itemListElement":[{"@type":"ListItem","position":1,"name":"Accueil","item":"https:\/\/www.fannyleonard-digital.fr\/"},{"@type":"ListItem","position":2,"name":"R\u00e9seaux Sociaux"}]},{"@type":"WebSite","@id":"https:\/\/www.fannyleonard-digital.fr\/#website","url":"https:\/\/www.fannyleonard-digital.fr\/","name":"FANNY LEONARD","description":"Consultante en communication et strat\u00e9gie d&#039;entreprise","publisher":{"@id":"https:\/\/www.fannyleonard-digital.fr\/#organization"},"potentialAction":[{"@type":"SearchAction","target":{"@type":"EntryPoint","urlTemplate":"https:\/\/www.fannyleonard-digital.fr\/?s={search_term_string}"},"query-input":{"@type":"PropertyValueSpecification","valueRequired":true,"valueName":"search_term_string"}}],"inLanguage":"fr-FR"},{"@type":"Organization","@id":"https:\/\/www.fannyleonard-digital.fr\/#organization","name":"FANNY LEONARD","url":"https:\/\/www.fannyleonard-digital.fr\/","logo":{"@type":"ImageObject","inLanguage":"fr-FR","@id":"https:\/\/www.fannyleonard-digital.fr\/#\/schema\/logo\/image\/","url":"https:\/\/www.fannyleonard-digital.fr\/wp-content\/uploads\/2026\/02\/logo-fld.png","contentUrl":"https:\/\/www.fannyleonard-digital.fr\/wp-content\/uploads\/2026\/02\/logo-fld.png","width":1563,"height":1563,"caption":"FANNY LEONARD"},"image":{"@id":"https:\/\/www.fannyleonard-digital.fr\/#\/schema\/logo\/image\/"}}]}},"jetpack_sharing_enabled":true,"_links":{"self":[{"href":"https:\/\/www.fannyleonard-digital.fr\/index.php\/wp-json\/wp\/v2\/pages\/223","targetHints":{"allow":["GET"]}}],"collection":[{"href":"https:\/\/www.fannyleonard-digital.fr\/index.php\/wp-json\/wp\/v2\/pages"}],"about":[{"href":"https:\/\/www.fannyleonard-digital.fr\/index.php\/wp-json\/wp\/v2\/types\/page"}],"author":[{"embeddable":true,"href":"https:\/\/www.fannyleonard-digital.fr\/index.php\/wp-json\/wp\/v2\/users\/1"}],"replies":[{"embeddable":true,"href":"https:\/\/www.fannyleonard-digital.fr\/index.php\/wp-json\/wp\/v2\/comments?post=223"}],"version-history":[{"count":18,"href":"https:\/\/www.fannyleonard-digital.fr\/index.php\/wp-json\/wp\/v2\/pages\/223\/revisions"}],"predecessor-version":[{"id":470,"href":"https:\/\/www.fannyleonard-digital.fr\/index.php\/wp-json\/wp\/v2\/pages\/223\/revisions\/470"}],"wp:attachment":[{"href":"https:\/\/www.fannyleonard-digital.fr\/index.php\/wp-json\/wp\/v2\/media?parent=223"}],"curies":[{"name":"wp","href":"https:\/\/api.w.org\/{rel}","templated":true}]}}