{"id":457,"date":"2026-02-18T10:44:24","date_gmt":"2026-02-18T09:44:24","guid":{"rendered":"https:\/\/www.fannyleonard-digital.fr\/?page_id=457"},"modified":"2026-02-18T10:44:24","modified_gmt":"2026-02-18T09:44:24","slug":"formations-bis","status":"publish","type":"page","link":"https:\/\/www.fannyleonard-digital.fr\/index.php\/formations-bis\/","title":{"rendered":"formations bis"},"content":{"rendered":"\n<div class=\"wp-block-group alignfull is-layout-flow wp-block-group-is-layout-flow\" style=\"border-right-color:var(--wp--preset--color--one);border-right-style:solid;border-right-width:4px;border-left-color:var(--wp--preset--color--one);border-left-style:solid;border-left-width:4px;padding-right:2vw;padding-bottom:2vw;padding-left:2vw\">\n<div class=\"wp-block-columns is-layout-flex wp-container-core-columns-is-layout-d36162b4 wp-block-columns-is-layout-flex\">\n<div class=\"wp-block-column is-vertically-aligned-center is-layout-flow wp-container-core-column-is-layout-2786d652 wp-block-column-is-layout-flow\" style=\"padding-top:4vw;padding-bottom:4vw;flex-basis:54%\">\n<div class=\"wp-block-group has-moderate-font-size is-content-justification-center is-nowrap is-layout-flex wp-container-core-group-is-layout-aefeb9cb wp-block-group-is-layout-flex\" style=\"padding-right:0vw;padding-left:2vw\">\n<h3 class=\"wp-block-heading has-text-align-center has-large-font-size\" style=\"font-style:normal;font-weight:700;text-transform:uppercase\">FORMATIONS<\/h3>\n<\/div>\n\n\n\n<div class=\"wp-block-columns is-not-stacked-on-mobile is-layout-flex wp-container-core-columns-is-layout-d36162b4 wp-block-columns-is-layout-flex\">\n<div class=\"wp-block-column is-layout-flow wp-block-column-is-layout-flow\" style=\"padding-top:0px;padding-right:0px;padding-bottom:0px;padding-left:0px;flex-basis:15%\">\n<figure class=\"wp-block-image size-full wp-duotone-blue-orange\"><img decoding=\"async\" src=\"https:\/\/www.fannyleonard-digital.fr\/wp-content\/themes\/hoopoe\/assets\/images\/arrow-up-solid.webp\" alt=\"\" class=\"wp-image-33\"\/><\/figure>\n<\/div>\n\n\n\n<div class=\"wp-block-column is-layout-flow wp-block-column-is-layout-flow\" style=\"flex-basis:85%\">\n<div class=\"wp-block-buttons is-content-justification-right is-layout-flex wp-container-core-buttons-is-layout-026eaadd wp-block-buttons-is-layout-flex\">\n<div class=\"wp-block-button\"><a class=\"wp-block-button__link wp-element-button\" href=\"https:\/\/www.fannyleonard-digital.fr\/index.php\/contact\/\">On en parle ? <\/a><\/div>\n<\/div>\n<\/div>\n<\/div>\n<\/div>\n\n\n\n<div class=\"wp-block-column is-layout-flow wp-block-column-is-layout-flow\" style=\"padding-top:3vw;padding-right:6vw;padding-bottom:3vw;padding-left:6vw;flex-basis:46%\">\n<div class=\"wp-block-group has-border-color has-one-border-color is-layout-constrained wp-container-core-group-is-layout-2f769817 wp-block-group-is-layout-constrained\" style=\"border-style:solid;border-width:4px;padding-top:1vw;padding-right:1vw;padding-bottom:1vw;padding-left:1vw\">\t<div class=\"wp-block-jetpack-gif aligncenter\">\n\t\t<figure>\n\t\t\t\t\t\t\t<div class=\"wp-block-jetpack-gif-wrapper\" style=\"padding-top:75%\">\n\t\t\t\t\t<iframe src=\"https:\/\/giphy.com\/embed\/XkfYGHjgho8551LvEI\" title=\"formation\"><\/iframe>\n\t\t\t\t<\/div>\n\t\t\t\t\t\t\t\t<\/figure>\n\t<\/div>\n\t<\/div>\n<\/div>\n<\/div>\n\n\n\n<h1 class=\"wp-block-heading\">Formation en entreprise<\/h1>\n\n\n\n<p class=\"wp-block-paragraph\"><strong>Formez vos \u00e9quipes<\/strong> pour reprendre le contr\u00f4le de votre communication !<\/p>\n\n\n\n<p class=\"wp-block-paragraph\">Vous ne souhaitez pas externaliser la gestion de votre communication ? Vous pr\u00e9f\u00e9rez former vos collaborateurs pour qu\u2019ils ma\u00eetrisent en interne vos r\u00e9seaux sociaux et votre strat\u00e9gie de communication ? Je vous accompagne \u00e0 chaque \u00e9tape.<\/p>\n\n\n\n<p class=\"wp-block-paragraph\">Gr\u00e2ce \u00e0 une <strong>approche sur-mesure<\/strong>, je propose des <strong>formations en entreprise<\/strong> adapt\u00e9es \u00e0 vos besoins et \u00e0 votre secteur d\u2019activit\u00e9. L\u2019objectif : permettre \u00e0 vos \u00e9quipes de devenir autonomes, efficaces et coh\u00e9rentes dans la gestion de votre image en ligne.<\/p>\n\n\n\n<hr class=\"wp-block-separator has-alpha-channel-opacity\"\/>\n\n\n\n<div class=\"wp-block-columns is-layout-flex wp-container-core-columns-is-layout-995f960e wp-block-columns-is-layout-flex\">\n<div class=\"wp-block-column is-layout-flow wp-block-column-is-layout-flow\" style=\"flex-basis:33.33%\">\n<h3 class=\"wp-block-heading\">Un accompagnement en deux temps :<\/h3>\n\n\n\n<figure class=\"wp-block-image size-full\"><img fetchpriority=\"high\" decoding=\"async\" width=\"1024\" height=\"726\" src=\"https:\/\/www.fannyleonard-digital.fr\/wp-content\/uploads\/2025\/07\/happy-employees-raising-their-arms-and-smiling-1024x726-1.jpg\" alt=\"\" class=\"wp-image-274\" srcset=\"https:\/\/www.fannyleonard-digital.fr\/wp-content\/uploads\/2025\/07\/happy-employees-raising-their-arms-and-smiling-1024x726-1.jpg 1024w, https:\/\/www.fannyleonard-digital.fr\/wp-content\/uploads\/2025\/07\/happy-employees-raising-their-arms-and-smiling-1024x726-1-300x213.jpg 300w, https:\/\/www.fannyleonard-digital.fr\/wp-content\/uploads\/2025\/07\/happy-employees-raising-their-arms-and-smiling-1024x726-1-768x545.jpg 768w\" sizes=\"(max-width: 1024px) 100vw, 1024px\" \/><\/figure>\n<\/div>\n\n\n\n<div class=\"wp-block-column is-layout-flow wp-block-column-is-layout-flow\" style=\"flex-basis:66.66%\">\n<ul class=\"wp-block-list\">\n<li><strong>Audit de votre communication actuelle<\/strong><br>Nous faisons ensemble un \u00e9tat des lieux de vos supports, de votre pr\u00e9sence sur les r\u00e9seaux sociaux, de votre ton de communication et de votre strat\u00e9gie globale. L\u2019audit permet d\u2019identifier les points forts, les axes d\u2019am\u00e9lioration et les opportunit\u00e9s \u00e0 saisir.<\/li>\n\n\n\n<li><strong>Formation personnalis\u00e9e de vos \u00e9quipes<\/strong><br>Sur la base de l\u2019audit, je con\u00e7ois une formation adapt\u00e9e \u00e0 vos objectifs et au niveau de vos \u00e9quipes :<\/li>\n\n\n\n<li>Gestion quotidienne des r\u00e9seaux sociaux<\/li>\n\n\n\n<li>Cr\u00e9ation de contenu engageant<\/li>\n\n\n\n<li>Prise en main des outils de planification<\/li>\n\n\n\n<li>Mise en place ou ajustement de votre strat\u00e9gie de communication<\/li>\n\n\n\n<li>Analyse des performances<\/li>\n<\/ul>\n<\/div>\n<\/div>\n\n\n\n<div class=\"wp-block-group is-layout-constrained wp-block-group-is-layout-constrained\">\n<hr class=\"wp-block-separator has-alpha-channel-opacity\"\/>\n\n\n<\/div>\n\n\n\n<hr class=\"wp-block-separator has-alpha-channel-opacity\"\/>\n\n\n\n<div class=\"wp-block-columns is-layout-flex wp-container-core-columns-is-layout-995f960e wp-block-columns-is-layout-flex\">\n<div class=\"wp-block-column is-layout-flow wp-block-column-is-layout-flow\" style=\"flex-basis:33.33%\">\n<div style=\"height:26px\" aria-hidden=\"true\" class=\"wp-block-spacer\"><\/div>\n\n\n\n<h3 class=\"wp-block-heading\">Une formation ancr\u00e9e dans le r\u00e9el<br><\/h3>\n<\/div>\n\n\n\n<div class=\"wp-block-column is-layout-flow wp-block-column-is-layout-flow\" style=\"flex-basis:66.66%\">\n<div style=\"height:43px\" aria-hidden=\"true\" class=\"wp-block-spacer\"><\/div>\n\n\n\n<p class=\"wp-block-paragraph\"><em>Ne laissez plus vos r\u00e9seaux sociaux en pilotage automatique : contactez-moi d\u00e8s maintenant pour mettre en place une strat\u00e9gie qui vous ressemble.<\/em><\/p>\n<\/div>\n<\/div>\n\n\n\n<hr class=\"wp-block-separator has-alpha-channel-opacity\"\/>\n<\/div>\n","protected":false},"excerpt":{"rendered":"<p>FORMATIONS Formation en entreprise Formez vos \u00e9quipes pour reprendre le contr\u00f4le de votre communication ! Vous ne souhaitez pas externaliser la gestion de votre communication ? Vous pr\u00e9f\u00e9rez former vos collaborateurs pour qu\u2019ils ma\u00eetrisent en interne vos r\u00e9seaux sociaux et votre strat\u00e9gie de communication ? Je vous accompagne \u00e0 chaque \u00e9tape. Gr\u00e2ce \u00e0 une approche [&hellip;]<\/p>\n","protected":false},"author":1,"featured_media":0,"parent":0,"menu_order":0,"comment_status":"closed","ping_status":"closed","template":"","meta":{"_gspb_post_css":"","footnotes":""},"class_list":["post-457","page","type-page","status-publish","hentry"],"blocksy_meta":{"styles_descriptor":{"styles":{"desktop":"","tablet":"","mobile":""},"google_fonts":[],"version":7}},"yoast_head":"<!-- This site is optimized with the Yoast SEO plugin v28.4 - https:\/\/yoast.com\/product\/yoast-seo-wordpress\/ -->\n<title>formations bis - FANNY LEONARD<\/title>\n<meta name=\"robots\" content=\"noindex, follow, max-snippet:-1, max-image-preview:large, max-video-preview:-1\" \/>\n<meta property=\"og:locale\" content=\"fr_FR\" \/>\n<meta property=\"og:type\" content=\"article\" \/>\n<meta property=\"og:title\" content=\"formations bis - FANNY LEONARD\" \/>\n<meta property=\"og:description\" content=\"FORMATIONS Formation en entreprise Formez vos \u00e9quipes pour reprendre le contr\u00f4le de votre communication ! Vous ne souhaitez pas externaliser la gestion de votre communication ? Vous pr\u00e9f\u00e9rez former vos collaborateurs pour qu\u2019ils ma\u00eetrisent en interne vos r\u00e9seaux sociaux et votre strat\u00e9gie de communication ? Je vous accompagne \u00e0 chaque \u00e9tape. Gr\u00e2ce \u00e0 une approche [&hellip;]\" \/>\n<meta property=\"og:url\" content=\"https:\/\/www.fannyleonard-digital.fr\/index.php\/formations-bis\/\" \/>\n<meta property=\"og:site_name\" content=\"FANNY LEONARD\" \/>\n<meta name=\"twitter:card\" content=\"summary_large_image\" \/>\n<meta name=\"twitter:label1\" content=\"Dur\u00e9e de lecture estim\u00e9e\" \/>\n\t<meta name=\"twitter:data1\" content=\"1 minute\" \/>\n<script type=\"application\/ld+json\" class=\"yoast-schema-graph\">{\"@context\":\"https:\\\/\\\/schema.org\",\"@graph\":[{\"@type\":\"WebPage\",\"@id\":\"https:\\\/\\\/www.fannyleonard-digital.fr\\\/index.php\\\/formations-bis\\\/\",\"url\":\"https:\\\/\\\/www.fannyleonard-digital.fr\\\/index.php\\\/formations-bis\\\/\",\"name\":\"formations bis - FANNY LEONARD\",\"isPartOf\":{\"@id\":\"https:\\\/\\\/www.fannyleonard-digital.fr\\\/#website\"},\"primaryImageOfPage\":{\"@id\":\"https:\\\/\\\/www.fannyleonard-digital.fr\\\/index.php\\\/formations-bis\\\/#primaryimage\"},\"image\":{\"@id\":\"https:\\\/\\\/www.fannyleonard-digital.fr\\\/index.php\\\/formations-bis\\\/#primaryimage\"},\"thumbnailUrl\":\"https:\\\/\\\/www.fannyleonard-digital.fr\\\/wp-content\\\/themes\\\/hoopoe\\\/assets\\\/images\\\/arrow-up-solid.webp\",\"datePublished\":\"2026-02-18T09:44:24+00:00\",\"breadcrumb\":{\"@id\":\"https:\\\/\\\/www.fannyleonard-digital.fr\\\/index.php\\\/formations-bis\\\/#breadcrumb\"},\"inLanguage\":\"fr-FR\",\"potentialAction\":[{\"@type\":\"ReadAction\",\"target\":[\"https:\\\/\\\/www.fannyleonard-digital.fr\\\/index.php\\\/formations-bis\\\/\"]}]},{\"@type\":\"ImageObject\",\"inLanguage\":\"fr-FR\",\"@id\":\"https:\\\/\\\/www.fannyleonard-digital.fr\\\/index.php\\\/formations-bis\\\/#primaryimage\",\"url\":\"\",\"contentUrl\":\"\"},{\"@type\":\"BreadcrumbList\",\"@id\":\"https:\\\/\\\/www.fannyleonard-digital.fr\\\/index.php\\\/formations-bis\\\/#breadcrumb\",\"itemListElement\":[{\"@type\":\"ListItem\",\"position\":1,\"name\":\"Accueil\",\"item\":\"https:\\\/\\\/www.fannyleonard-digital.fr\\\/\"},{\"@type\":\"ListItem\",\"position\":2,\"name\":\"formations bis\"}]},{\"@type\":\"WebSite\",\"@id\":\"https:\\\/\\\/www.fannyleonard-digital.fr\\\/#website\",\"url\":\"https:\\\/\\\/www.fannyleonard-digital.fr\\\/\",\"name\":\"FANNY LEONARD\",\"description\":\"Consultante en communication et strat\u00e9gie d&#039;entreprise\",\"publisher\":{\"@id\":\"https:\\\/\\\/www.fannyleonard-digital.fr\\\/#organization\"},\"potentialAction\":[{\"@type\":\"SearchAction\",\"target\":{\"@type\":\"EntryPoint\",\"urlTemplate\":\"https:\\\/\\\/www.fannyleonard-digital.fr\\\/?s={search_term_string}\"},\"query-input\":{\"@type\":\"PropertyValueSpecification\",\"valueRequired\":true,\"valueName\":\"search_term_string\"}}],\"inLanguage\":\"fr-FR\"},{\"@type\":\"Organization\",\"@id\":\"https:\\\/\\\/www.fannyleonard-digital.fr\\\/#organization\",\"name\":\"FANNY LEONARD\",\"url\":\"https:\\\/\\\/www.fannyleonard-digital.fr\\\/\",\"logo\":{\"@type\":\"ImageObject\",\"inLanguage\":\"fr-FR\",\"@id\":\"https:\\\/\\\/www.fannyleonard-digital.fr\\\/#\\\/schema\\\/logo\\\/image\\\/\",\"url\":\"https:\\\/\\\/www.fannyleonard-digital.fr\\\/wp-content\\\/uploads\\\/2026\\\/02\\\/logo-fld.png\",\"contentUrl\":\"https:\\\/\\\/www.fannyleonard-digital.fr\\\/wp-content\\\/uploads\\\/2026\\\/02\\\/logo-fld.png\",\"width\":1563,\"height\":1563,\"caption\":\"FANNY LEONARD\"},\"image\":{\"@id\":\"https:\\\/\\\/www.fannyleonard-digital.fr\\\/#\\\/schema\\\/logo\\\/image\\\/\"}}]}<\/script>\n<!-- \/ Yoast SEO plugin. -->","yoast_head_json":{"title":"formations bis - FANNY LEONARD","robots":{"index":"noindex","follow":"follow","max-snippet":"max-snippet:-1","max-image-preview":"max-image-preview:large","max-video-preview":"max-video-preview:-1"},"og_locale":"fr_FR","og_type":"article","og_title":"formations bis - FANNY LEONARD","og_description":"FORMATIONS Formation en entreprise Formez vos \u00e9quipes pour reprendre le contr\u00f4le de votre communication ! Vous ne souhaitez pas externaliser la gestion de votre communication ? Vous pr\u00e9f\u00e9rez former vos collaborateurs pour qu\u2019ils ma\u00eetrisent en interne vos r\u00e9seaux sociaux et votre strat\u00e9gie de communication ? Je vous accompagne \u00e0 chaque \u00e9tape. Gr\u00e2ce \u00e0 une approche [&hellip;]","og_url":"https:\/\/www.fannyleonard-digital.fr\/index.php\/formations-bis\/","og_site_name":"FANNY LEONARD","twitter_card":"summary_large_image","twitter_misc":{"Dur\u00e9e de lecture estim\u00e9e":"1 minute"},"schema":{"@context":"https:\/\/schema.org","@graph":[{"@type":"WebPage","@id":"https:\/\/www.fannyleonard-digital.fr\/index.php\/formations-bis\/","url":"https:\/\/www.fannyleonard-digital.fr\/index.php\/formations-bis\/","name":"formations bis - FANNY LEONARD","isPartOf":{"@id":"https:\/\/www.fannyleonard-digital.fr\/#website"},"primaryImageOfPage":{"@id":"https:\/\/www.fannyleonard-digital.fr\/index.php\/formations-bis\/#primaryimage"},"image":{"@id":"https:\/\/www.fannyleonard-digital.fr\/index.php\/formations-bis\/#primaryimage"},"thumbnailUrl":"https:\/\/www.fannyleonard-digital.fr\/wp-content\/themes\/hoopoe\/assets\/images\/arrow-up-solid.webp","datePublished":"2026-02-18T09:44:24+00:00","breadcrumb":{"@id":"https:\/\/www.fannyleonard-digital.fr\/index.php\/formations-bis\/#breadcrumb"},"inLanguage":"fr-FR","potentialAction":[{"@type":"ReadAction","target":["https:\/\/www.fannyleonard-digital.fr\/index.php\/formations-bis\/"]}]},{"@type":"ImageObject","inLanguage":"fr-FR","@id":"https:\/\/www.fannyleonard-digital.fr\/index.php\/formations-bis\/#primaryimage","url":"","contentUrl":""},{"@type":"BreadcrumbList","@id":"https:\/\/www.fannyleonard-digital.fr\/index.php\/formations-bis\/#breadcrumb","itemListElement":[{"@type":"ListItem","position":1,"name":"Accueil","item":"https:\/\/www.fannyleonard-digital.fr\/"},{"@type":"ListItem","position":2,"name":"formations bis"}]},{"@type":"WebSite","@id":"https:\/\/www.fannyleonard-digital.fr\/#website","url":"https:\/\/www.fannyleonard-digital.fr\/","name":"FANNY LEONARD","description":"Consultante en communication et strat\u00e9gie d&#039;entreprise","publisher":{"@id":"https:\/\/www.fannyleonard-digital.fr\/#organization"},"potentialAction":[{"@type":"SearchAction","target":{"@type":"EntryPoint","urlTemplate":"https:\/\/www.fannyleonard-digital.fr\/?s={search_term_string}"},"query-input":{"@type":"PropertyValueSpecification","valueRequired":true,"valueName":"search_term_string"}}],"inLanguage":"fr-FR"},{"@type":"Organization","@id":"https:\/\/www.fannyleonard-digital.fr\/#organization","name":"FANNY LEONARD","url":"https:\/\/www.fannyleonard-digital.fr\/","logo":{"@type":"ImageObject","inLanguage":"fr-FR","@id":"https:\/\/www.fannyleonard-digital.fr\/#\/schema\/logo\/image\/","url":"https:\/\/www.fannyleonard-digital.fr\/wp-content\/uploads\/2026\/02\/logo-fld.png","contentUrl":"https:\/\/www.fannyleonard-digital.fr\/wp-content\/uploads\/2026\/02\/logo-fld.png","width":1563,"height":1563,"caption":"FANNY LEONARD"},"image":{"@id":"https:\/\/www.fannyleonard-digital.fr\/#\/schema\/logo\/image\/"}}]}},"jetpack_sharing_enabled":true,"_links":{"self":[{"href":"https:\/\/www.fannyleonard-digital.fr\/index.php\/wp-json\/wp\/v2\/pages\/457","targetHints":{"allow":["GET"]}}],"collection":[{"href":"https:\/\/www.fannyleonard-digital.fr\/index.php\/wp-json\/wp\/v2\/pages"}],"about":[{"href":"https:\/\/www.fannyleonard-digital.fr\/index.php\/wp-json\/wp\/v2\/types\/page"}],"author":[{"embeddable":true,"href":"https:\/\/www.fannyleonard-digital.fr\/index.php\/wp-json\/wp\/v2\/users\/1"}],"replies":[{"embeddable":true,"href":"https:\/\/www.fannyleonard-digital.fr\/index.php\/wp-json\/wp\/v2\/comments?post=457"}],"version-history":[{"count":1,"href":"https:\/\/www.fannyleonard-digital.fr\/index.php\/wp-json\/wp\/v2\/pages\/457\/revisions"}],"predecessor-version":[{"id":458,"href":"https:\/\/www.fannyleonard-digital.fr\/index.php\/wp-json\/wp\/v2\/pages\/457\/revisions\/458"}],"wp:attachment":[{"href":"https:\/\/www.fannyleonard-digital.fr\/index.php\/wp-json\/wp\/v2\/media?parent=457"}],"curies":[{"name":"wp","href":"https:\/\/api.w.org\/{rel}","templated":true}]}}